{"id":352,"date":"2013-02-02T17:13:45","date_gmt":"2013-02-02T15:13:45","guid":{"rendered":"http:\/\/www2.edelmann.tv\/wp\/?page_id=352"},"modified":"2018-02-05T23:38:35","modified_gmt":"2018-02-05T21:38:35","slug":"weblinks","status":"publish","type":"page","link":"http:\/\/www.edelmann.tv\/?page_id=352","title":{"rendered":"Weblinks"},"content":{"rendered":"<h3>Rund ums Gleitschirmfliegen<\/h3>\n<p style=\"padding-left: 30px;\"><a title=\"Flugbuch Miriam\" href=\"http:\/\/dhv-xc.de\/xc\/modules\/leonardo\/index.php?name=leonardo&amp;op=list_flights&amp;pilotID=2558&amp;year=0&amp;country=\" target=\"_blank\" rel=\"noopener\">Flugbuch Miriam<\/a> &#8211; Link zum DHV-XC mit allen Fl\u00fcgen von Miriam<\/p>\n<p style=\"padding-left: 30px;\"><a title=\"Flugbuch Tobias\" href=\"http:\/\/dhv-xc.de\/xc\/modules\/leonardo\/index.php?name=leonardo&amp;op=list_flights&amp;year=0&amp;month=0&amp;pilotID=504&amp;takeoffID=0&amp;country=0&amp;cat=0\" target=\"_blank\" rel=\"noopener\">Flugbuch Tobias<\/a> &#8211; Link zum DHV-XC mit allen Fl\u00fcgen von Tobias<\/p>\n<p style=\"padding-left: 30px;\"><a href=\"http:\/\/www.oal-dg.de\/\" target=\"_blank\" rel=\"noopener\">Ostallg\u00e4uer Drachen- und Gleitschirmflieger<\/a> &#8211; Der Gleitschirmverein unserer Wahl<\/p>\n<p style=\"padding-left: 30px;\"><a title=\"DHV\" href=\"http:\/\/www.dhv.de\" target=\"_blank\" rel=\"noopener\">DHV<\/a> &#8211; Internetseite des Deutscher H\u00e4ngegleiterverband e.V.<\/p>\n<p style=\"padding-left: 30px;\"><a title=\"Luftikus\" href=\"http:\/\/www.luftikus-flugschule.de\/\" target=\"_blank\" rel=\"noopener\">Luftikus<\/a>\u00a0&amp; <a title=\"Freiraum\" href=\"http:\/\/www.freiraum-info.de\" target=\"_blank\" rel=\"noopener\">Freiraum<\/a> &#8211; Aufgrund der r\u00e4umlichen N\u00e4he unsere Flugschule Nummer 1<\/p>\n<p style=\"padding-left: 30px;\"><a title=\"Air-Touch Gleitschirmschule\" href=\"https:\/\/air-touch.de\/\" target=\"_blank\" rel=\"noopener\">Air-Touch Gleitschirmschule<\/a> &#8211; Jochen haben wir in Greifenburg kennen gelernt und begeisterte uns zu recht zu einer Moselwoche. Zwischenzeitlich waren wir mit Ihm in Marokko und werden Ihn sicher auch in Mexico besuchen.<\/p>\n<p style=\"padding-left: 30px;\"><a title=\"CPS - Fluggebiete in S\u00fcd-Schweden\" href=\"http:\/\/www.cps.to\/flygstallen\/\" target=\"_blank\" rel=\"noopener\">CPS &#8211; Fluggebiete in S\u00fcd-Schweden<\/a> &#8211; Der lokale Flugverein &#8222;Club Parapente Syd&#8220; hat auf dieser Seite alle offiziellen Fluggebiete aufgef\u00fchrt.<\/p>\n<p style=\"padding-left: 30px;\"><a title=\"Flugschule Oberallg\u00e4u - Klaus Eberle\" href=\"http:\/\/www.flugschule-oberallgaeu.de\/\" target=\"_blank\" rel=\"noopener\">Flugschule Oberallg\u00e4u &#8211; Klaus Eberle<\/a> &#8211; Fliegen\/Natur pur mit Klaus Eberle.<\/p>\n<p style=\"padding-left: 30px;\"><a href=\"http:\/\/www.paragliding-adventure.com\" target=\"_blank\" rel=\"noopener\">Paragliding Adventure<\/a> &#8211; Sabine &amp; Wolfgang, die beste Anlaufstelle f\u00fcr fliegen in Slowenien.<\/p>\n<p style=\"padding-left: 30px;\"><a title=\"Fluggel\u00e4nde Weltweit - Paragliding365\" href=\"http:\/\/www.paragliding365.com\/\" target=\"_blank\" rel=\"noopener\">Fluggel\u00e4nde Weltweit &#8211; Paragliding365<\/a> &#8211; Die wohl gr\u00f6sste und umfangreichste Sammlung von Fluggebieten mit allem was man f\u00fcr sch\u00f6ne Flugtage ben\u00f6tigt.<\/p>\n<h3>zu befreundeten Seiten<\/h3>\n<p style=\"padding-left: 30px;\"><a title=\"Guzilla.eu\" href=\"http:\/\/www.guzilla.eu\/\" target=\"_blank\" rel=\"noopener\">Guzilla.eu<\/a> &#8211; Die Seite von Ewa, einer bemerkenswerten Gleitschirmfotografin die zum Gl\u00fcck uns auch f\u00fcr unsere Hochzeit zur Verf\u00fcgung stand.<\/p>\n<p>&nbsp;<\/p>\n","protected":false},"excerpt":{"rendered":"<p>Rund ums Gleitschirmfliegen Flugbuch Miriam &#8211; Link zum DHV-XC mit allen Fl\u00fcgen von Miriam Flugbuch Tobias &#8211; Link zum DHV-XC mit allen Fl\u00fcgen von Tobias Ostallg\u00e4uer Drachen- und Gleitschirmflieger &#8211; Der Gleitschirmverein unserer Wahl DHV (&hellip;) <a href=\"http:\/\/www.edelmann.tv\/?page_id=352\">Weiterlesen<\/a><\/p>\n","protected":false},"author":1,"featured_media":0,"parent":0,"menu_order":0,"comment_status":"open","ping_status":"open","template":"","meta":[],"jetpack_sharing_enabled":true,"_links":{"self":[{"href":"http:\/\/www.edelmann.tv\/index.php?rest_route=\/wp\/v2\/pages\/352"}],"collection":[{"href":"http:\/\/www.edelmann.tv\/index.php?rest_route=\/wp\/v2\/pages"}],"about":[{"href":"http:\/\/www.edelmann.tv\/index.php?rest_route=\/wp\/v2\/types\/page"}],"author":[{"embeddable":true,"href":"http:\/\/www.edelmann.tv\/index.php?rest_route=\/wp\/v2\/users\/1"}],"replies":[{"embeddable":true,"href":"http:\/\/www.edelmann.tv\/index.php?rest_route=%2Fwp%2Fv2%2Fcomments&post=352"}],"version-history":[{"count":16,"href":"http:\/\/www.edelmann.tv\/index.php?rest_route=\/wp\/v2\/pages\/352\/revisions"}],"predecessor-version":[{"id":2511,"href":"http:\/\/www.edelmann.tv\/index.php?rest_route=\/wp\/v2\/pages\/352\/revisions\/2511"}],"wp:attachment":[{"href":"http:\/\/www.edelmann.tv\/index.php?rest_route=%2Fwp%2Fv2%2Fmedia&parent=352"}],"curies":[{"name":"wp","href":"https:\/\/api.w.org\/{rel}","templated":true}]}}